{"id":813,"date":"2023-10-01T21:19:53","date_gmt":"2023-10-01T19:19:53","guid":{"rendered":"https:\/\/scppstrecno.sk\/?page_id=813"},"modified":"2025-03-27T11:22:30","modified_gmt":"2025-03-27T10:22:30","slug":"813-2","status":"publish","type":"page","link":"https:\/\/scppstrecno.sk\/?page_id=813","title":{"rendered":"Kto sme"},"content":{"rendered":"<p>[et_pb_section fb_built=&#8220;1&#8243; admin_label=&#8220;About&#8220; _builder_version=&#8220;4.22.1&#8243; width_tablet=&#8220;&#8220; width_phone=&#8220;100%&#8220; width_last_edited=&#8220;on|phone&#8220; max_width=&#8220;100%&#8220; module_alignment=&#8220;center&#8220; custom_padding=&#8220;34px|3px||||&#8220; global_colors_info=&#8220;{}&#8220;][et_pb_row column_structure=&#8220;1_2,1_2&#8243; _builder_version=&#8220;4.22.1&#8243; custom_margin=&#8220;-24px|auto||auto||&#8220; custom_padding=&#8220;2px||0px|||&#8220; global_colors_info=&#8220;{}&#8220;][et_pb_column type=&#8220;1_2&#8243; _builder_version=&#8220;4.16&#8243; global_colors_info=&#8220;{}&#8220;][et_pb_divider color=&#8220;#6E98F2&#8243; divider_weight=&#8220;8px&#8220; _builder_version=&#8220;4.16&#8243; max_width=&#8220;40px&#8220; global_colors_info=&#8220;{}&#8220;][\/et_pb_divider][et_pb_text _builder_version=&#8220;4.16&#8243; header_font=&#8220;Rubik|500|||||||&#8220; header_text_color=&#8220;#1a3066&#8243; header_font_size=&#8220;54px&#8220; header_line_height=&#8220;1.3em&#8220; header_2_font=&#8220;Rubik|500|||||||&#8220; header_2_text_color=&#8220;#1a3066&#8243; header_2_font_size=&#8220;38px&#8220; header_2_line_height=&#8220;1.3em&#8220; header_font_size_tablet=&#8220;44px&#8220; header_font_size_phone=&#8220;34px&#8220; header_font_size_last_edited=&#8220;on|phone&#8220; header_2_font_size_tablet=&#8220;30px&#8220; header_2_font_size_phone=&#8220;24px&#8220; header_2_font_size_last_edited=&#8220;on|phone&#8220; locked=&#8220;off&#8220; global_colors_info=&#8220;{}&#8220;]<\/p>\n<h2>Kto sme<\/h2>\n<p>[\/et_pb_text][\/et_pb_column][et_pb_column type=&#8220;1_2&#8243; _builder_version=&#8220;4.16&#8243; global_colors_info=&#8220;{}&#8220;][\/et_pb_column][\/et_pb_row][et_pb_row column_structure=&#8220;2_5,3_5&#8243; module_id=&#8220;ANETA&#8220; _builder_version=&#8220;4.22.1&#8243; _module_preset=&#8220;default&#8220; width=&#8220;105%&#8220; width_tablet=&#8220;100%&#8220; width_phone=&#8220;60%&#8220; width_last_edited=&#8220;on|phone&#8220; max_width=&#8220;1335px&#8220; custom_margin=&#8220;40px|84px||52px|false|false&#8220; custom_padding=&#8220;28px|23px|||false|false&#8220; border_radii=&#8220;on|24px|24px|24px|24px&#8220; box_shadow_style=&#8220;preset2&#8243; global_colors_info=&#8220;{}&#8220;][et_pb_column type=&#8220;2_5&#8243; _builder_version=&#8220;4.22.1&#8243; _module_preset=&#8220;default&#8220; global_colors_info=&#8220;{}&#8220;][\/et_pb_column][et_pb_column type=&#8220;3_5&#8243; _builder_version=&#8220;4.22.1&#8243; _module_preset=&#8220;default&#8220; global_colors_info=&#8220;{}&#8220;][et_pb_text _builder_version=&#8220;4.22.1&#8243; _module_preset=&#8220;default&#8220; width_tablet=&#8220;&#8220; width_phone=&#8220;140%&#8220; width_last_edited=&#8220;on|phone&#8220; max_width=&#8220;140%&#8220; custom_margin=&#8220;|||-3px||&#8220; global_colors_info=&#8220;{}&#8220;]<\/p>\n<p><span style=\"font-size: large;\"><strong>Mgr. Aneta Sek\u00e1\u010dov\u00e1, PhD. &#8211; soci\u00e1lna pedagogi\u010dka, riadite\u013eka<\/strong><\/span><\/p>\n<p style=\"margin: 0cm; text-align: justify;\">Pracujem ako soci\u00e1lna pedagogi\u010dka. Mojou hlavnou pracovnou n\u00e1pl\u0148ou s\u00fa skupinov\u00e9 programy pre matersk\u00e9 a z\u00e1kladn\u00e9 \u0161koly zameran\u00e9 najm\u00e4 na prim\u00e1rnu prevenciu. Pri skupinovej \u010dinnosti sa zaober\u00e1m hlavne kl\u00edmou v triedach, \u0161ikanovan\u00edm, kyber\u0161ikanovan\u00edm, pri svojej pr\u00e1ci vyu\u017e\u00edvam prvky artefiletiky a socioterapie.<\/p>\n<p style=\"margin: 0cm; text-align: justify;\">V r\u00e1mci ambulantnej \u010dinnosti v\u00a0poradenskom centre sa dlhodobo venujem\u00a0kari\u00e9rnemu poradenstvu\u00a0a terapii met\u00f3dou EEG Biofeedback (neurofeedback), ktor\u00e1 pom\u00e1ha pri \u0161irokej \u0161k\u00e1le \u0165a\u017ekost\u00ed a oslaben\u00ed.<\/p>\n<p style=\"margin: 0cm; text-align: justify;\"><o:p><\/o:p>Od okt\u00f3bra 2023 som nast\u00fapila do funkcie riadite\u013eky SCPP Stre\u010dno. Moj\u00edm hlavn\u00fdm z\u00e1merom je na\u010falej spolutvori\u0165 odborn\u00e9\u00a0a kvalitn\u00e9 poradensk\u00e9 zariadenie zameran\u00e9 na pomoc de\u0165om, \u017eiakom, rodi\u010dom a zamestnancom \u0161k\u00f4l.<\/p>\n<p style=\"margin: 0cm; text-align: justify;\"><o:p><\/o:p>Po ukon\u010den\u00ed vysoko\u0161kolsk\u00e9ho \u0161t\u00fadia som pracovala 12 rokov v SC\u0160PP v \u017diline na poz\u00edci\u00ed soci\u00e1lnej pedagogi\u010dky. Venovala som sa predov\u0161etk\u00fdm ter\u00e9nnej prevent\u00edvnej \u010dinnosti a terapii met\u00f3dou EEG Biofeedback.<\/p>\n<p style=\"margin: 0cm; text-align: justify;\"><o:p><\/o:p>M\u00e1m ukon\u010den\u00e9 doktorandsk\u00e9 \u0161t\u00fadium v odbore Pedagogika na katedre pedagogiky UMB v Banskej Bystrici. Po\u010das vysoko\u0161kolsk\u00e9ho \u0161t\u00fadia som robila dobrovo\u013en\u00ed\u010dku v Detskom kr\u00edzovom centre N\u00e1ru\u010d v \u017diline, kde som z\u00edskala viac vedomost\u00ed o CAN syndr\u00f3me.<\/p>\n<p style=\"margin: 0cm; text-align: justify;\"><o:p><\/o:p>V\u00a0osobnom \u017eivote tr\u00e1vim najrad\u0161ej \u010das s\u00a0mojou rodinou. Venujem sa r\u00f4znej kreat\u00edvnej \u010dinnosti, ma\u013ebe, vy\u0161\u00edvaniu a ve\u013emi rada sa u\u010d\u00edm nov\u00e9 veci.<o:p><\/o:p><\/p>\n<p>[\/et_pb_text][\/et_pb_column][\/et_pb_row][et_pb_row column_structure=&#8220;3_5,2_5&#8243; disabled_on=&#8220;on|off|off&#8220; module_id=&#8220;KATARINA&#8220; _builder_version=&#8220;4.22.1&#8243; _module_preset=&#8220;default&#8220; width=&#8220;100%&#8220; width_tablet=&#8220;100%&#8220; width_phone=&#8220;60%&#8220; width_last_edited=&#8220;on|phone&#8220; max_width=&#8220;1325px&#8220; min_height=&#8220;780.8px&#8220; custom_margin=&#8220;30px|auto||57px||&#8220; custom_padding=&#8220;26px||0px|23px|false|false&#8220; border_radii=&#8220;on|24px|24px|24px|24px&#8220; box_shadow_style=&#8220;preset1&#8243; global_colors_info=&#8220;{}&#8220;][et_pb_column type=&#8220;3_5&#8243; _builder_version=&#8220;4.22.1&#8243; _module_preset=&#8220;default&#8220; global_colors_info=&#8220;{}&#8220;][et_pb_text _builder_version=&#8220;4.22.1&#8243; _module_preset=&#8220;default&#8220; width_tablet=&#8220;&#8220; width_phone=&#8220;140%&#8220; width_last_edited=&#8220;on|phone&#8220; max_width=&#8220;140%&#8220; global_colors_info=&#8220;{}&#8220;]<\/p>\n<p><span style=\"font-size: large;\"><strong>Mgr. Katar\u00edna Ba\u010furov\u00e1 &#8211; soci\u00e1lna pedagogi\u010dka, z\u00e1stupky\u0148a riadite\u013eky<\/strong><\/span><\/p>\n<p>V\u00a0na\u0161om centre pracujem ako soci\u00e1lna pedagogi\u010dka. Mojou hlavnou pracovnou n\u00e1pl\u0148ou s\u00fa\u00a0 prevent\u00edvne skupinov\u00e9 programy\u00a0 zameran\u00e9 na predch\u00e1dzanie vzniku\u00a0 rizikov\u00e9ho spr\u00e1vania u\u00a0det\u00ed a\u00a0ml\u00e1de\u017ee.\u00a0 Venujem sa t\u00e9mam ako \u0161ikana, kyber\u0161ikana, nen\u00e1siln\u00e1 komunik\u00e1cia, kl\u00edma v\u00a0triede, kari\u00e9rne poradenstvo, body image a\u00a0in\u00e9.<\/p>\n<p>V ambulantnej starostlivosti poskytujem reeduka\u010dn\u00e9 progamy KuPoz \u2013 zameran\u00fd na rozvoj pozornosti a Kuprev \u2013 prevent\u00edvny program pre deti pred\u0161kolsk\u00e9ho veku a \u0161kolsk\u00e9ho veku. Pri de\u0165och\u00a0 s poruchou pozornosti a pomal\u0161\u00edm pracovn\u00fdm tempom pracujem s programom Ropratem.<\/p>\n<p>Pri pr\u00e1ci s\u00a0jednotlivcom ako aj so skupinou vyu\u017e\u00edvam ro\u010dn\u00fd terapeutick\u00fd v\u00fdcvik Solution focus,\u00a0 pracujeme na tom, \u010do funguje, je to na rie\u0161enie orientovan\u00fd\u00a0 pr\u00edstup pre pr\u00e1cu so \u0161kolsk\u00fdmi triedami.<\/p>\n<p>Moja pracovn\u00e9 p\u00f4sobenie bolo v\u017edy zameran\u00e9 na pr\u00e1cu s\u00a0die\u0165a\u0165om a\u00a0dlh\u00e9 roky som sa venovala problematike t\u00fdran\u00fdch, zneu\u017e\u00edvan\u00fdch a\u00a0zanedb\u00e1van\u00fdch det\u00ed a\u00a0pomoci rodin\u00e1m. 18 rokov som pracovala v Detskom kr\u00edzovom centre N\u00e1ru\u010d na r\u00f4znych poz\u00edci\u00e1ch: ako \u00a0vychov\u00e1vate\u013eka, soci\u00e1lna pracovn\u00ed\u010dka, koordin\u00e1torka v\u00fdchovy. V priebehu tohto obdobia som na rok zmenila zamestn\u00e1vate\u013ea a p\u00f4sobila som ako pedagogick\u00e1 asistentka na z\u00e1kladnej \u0161kole.\u00a0\u00a0<\/p>\n<p>Svoje dlhoro\u010dn\u00e9 sk\u00fasenosti z\u00a0praxe sa\u00a0 sna\u017e\u00edm z\u00faro\u010di\u0165 v\u00a0 centre poradenstva a\u00a0prevencie. Uvedomujem si, ak\u00e9 d\u00f4le\u017eit\u00e9 je poskytova\u0165 prevenciu ako\u00a0prv\u00fd pili\u00e9r predch\u00e1dzania soci\u00e1lno-patologick\u00fdch javov medzi de\u0165mi a\u00a0ml\u00e1de\u017eou.<\/p>\n<p>Svoje vysoko\u0161kolsk\u00e9 vzdelanie m\u00e1m ukon\u010den\u00e9 na UMB v Banskej Bystrici v bakal\u00e1rskom odbore soci\u00e1lna pr\u00e1ca a magisterskom odbore soci\u00e1lna pedagogika.\u00a0 Vzdelanie m\u00e1m doplnen\u00e9 doplnkov\u00fdm pedagogick\u00fdm \u0161t\u00fadiom v odbore pedagogika. Po\u010das \u0161t\u00fadia som sa venovala harm \u2013 reduction drogovo z\u00e1visl\u00fdch.<\/p>\n<p>V mojom s\u00fakrom\u00ed je pre m\u0148a najd\u00f4le\u017eitej\u0161ia rodina a kr\u00e1sne chv\u00edle str\u00e1ven\u00e9 s \u0148ou. V\u00e1\u017eim si ich podporu a zdroj in\u0161pir\u00e1cie, ktor\u00fd nach\u00e1dzam v svojich dvoch dc\u00e9rach. Vo\u013en\u00fd \u010das spolo\u010dne tr\u00e1vime v pr\u00edrode a ako n\u00e1ru\u017eiv\u00ed kemperi spozn\u00e1vame Slovensko a okolit\u00e9 krajiny.<\/p>\n<p>\u201e\u017divotu v\u010fa\u010d\u00edm za \u013eud\u00ed, ktor\u00ed\u00a0 ho so mnou zdie\u013eaj\u00fa\u201c \u00a0\u00a0\u00a0\u00a0\u00a0\u00a0\u00a0\u00a0<\/p>\n<p>[\/et_pb_text][\/et_pb_column][et_pb_column type=&#8220;2_5&#8243; _builder_version=&#8220;4.22.1&#8243; _module_preset=&#8220;default&#8220; global_colors_info=&#8220;{}&#8220;][\/et_pb_column][\/et_pb_row][et_pb_row column_structure=&#8220;2_5,3_5&#8243; module_id=&#8220;ZUZANA&#8220; _builder_version=&#8220;4.22.1&#8243; _module_preset=&#8220;default&#8220; width=&#8220;100%&#8220; width_tablet=&#8220;&#8220; width_phone=&#8220;60%&#8220; width_last_edited=&#8220;on|phone&#8220; max_width=&#8220;1325px&#8220; min_height=&#8220;615.4px&#8220; custom_margin=&#8220;45px|112px|13px|61px|false|false&#8220; custom_padding=&#8220;18px|23px|3px|0px|false|false&#8220; border_radii=&#8220;on|24px|24px|24px|24px&#8220; box_shadow_style=&#8220;preset2&#8243; global_colors_info=&#8220;{}&#8220;][et_pb_column type=&#8220;2_5&#8243; _builder_version=&#8220;4.22.1&#8243; _module_preset=&#8220;default&#8220; global_colors_info=&#8220;{}&#8220;][\/et_pb_column][et_pb_column type=&#8220;3_5&#8243; _builder_version=&#8220;4.22.1&#8243; _module_preset=&#8220;default&#8220; global_colors_info=&#8220;{}&#8220;][et_pb_text _builder_version=&#8220;4.22.1&#8243; _module_preset=&#8220;default&#8220; width_tablet=&#8220;&#8220; width_phone=&#8220;140%&#8220; width_last_edited=&#8220;on|phone&#8220; max_width=&#8220;140%&#8220; min_height=&#8220;696.4px&#8220; custom_padding=&#8220;||0px|||&#8220; global_colors_info=&#8220;{}&#8220;]<\/p>\n<p><span style=\"font-size: large;\"><strong>PhDr. Andrea Pieronov\u00e1 &#8211; \u0161peci\u00e1lna pedagogi\u010dka<\/strong><\/span><\/p>\n<p>V\u00a0centre pracujem ako \u0161peci\u00e1lna pedagogi\u010dka. Mojou hlavnou n\u00e1pl\u0148ou je realiz\u00e1cia \u0161peci\u00e1lno-pedagogickej diagnostiky, poradenstvo pre rodi\u010da a\u00a0\u0161kolu, ako aj terapeutick\u00e1 \u010dinnos\u0165 v\u00a0zmysle reeduk\u00e1cie.<\/p>\n<p>V\u00a0ambulantnej \u010dinnosti sa venujem de\u0165om a\u00a0\u017eiakom s\u00a0oneskoren\u00fdm v\u00fdvinom, so sluchov\u00fdm postihnut\u00edm, s\u00a0poruchami u\u010denia. Preferujem komplexn\u00fd pr\u00edstup: CPP &#8211; die\u0165a \u2013 rodi\u010d \u2013 \u0161kola.<\/p>\n<p>Pri pr\u00e1ci so skupinou realizujem depist\u00e1\u017ene vy\u0161etrenia, rozv\u00edjaj\u00face a\u00a0stimula\u010dn\u00e9 programy. Venujem sa metodick\u00e9mu vedeniu pedag\u00f3gov, odborn\u00fdch zamestnancov, ako aj z\u00e1stupcov \u0161kolsk\u00fdch podporn\u00fdch t\u00edmov.<\/p>\n<p>Roku 2009 som ukon\u010dila na UK v\u00a0Bratislave na Fakulte pedagogiky odbor \u0161peci\u00e1lna pedagogika (poradenstvo). Z\u00e1rove\u0148 som absolvovala z\u00e1vere\u010dn\u00fa sk\u00fa\u0161ku z pedagogiky sluchovo postihnut\u00fdch. V\u00a0r\u00e1mci \u010fal\u0161ieho roz\u0161iruj\u00faceho vzdel\u00e1vania som absolvovala nieko\u013eko kurzov a\u00a0semin\u00e1rov, ako Diel\u010die oslabenie v\u00fdkonu, Sc\u00e9notest, Integrat\u00edvny korek\u010dn\u00fd program pre deti s\u00a0ADHD, Met\u00f3da dobr\u00e9ho \u0161tartu, \u0160kolsk\u00fd program INPP, Audit\u00edvno-verb\u00e1lna terapia u\u00a0det\u00ed od narodenia do \u0161es\u0165 rokov, Die\u0165a s\u00a0poruchou sluchu: diagnostika a\u00a0lie\u010dba, Deficity \u010diastkov\u00fdch funkci\u00ed pod\u013ea Dr.Sindelar, Tr\u00e9ning fonematick\u00e9ho uvedomovania pod\u013ea D.B.E\u013ekonina.\u00a0 Od roku 2013 pracujem ako \u0161peci\u00e1lna pedagogi\u010dka,\u00a0 av\u0161ak pr\u00e1ci s\u00a0de\u0165mi sa venujem u\u017e od roku 1998, ke\u010f som p\u00f4sobila v\u00a0\u0161kole ako pedag\u00f3g.<\/p>\n<p>Medzi moje osobnostn\u00e9 vlastnosti patr\u00ed odbornos\u0165, komunikat\u00edvnos\u0165, priate\u013esk\u00fd a\u00a0\u013eudsk\u00fd pr\u00edstup, zodpovednos\u0165 a ochota pom\u00f4c\u0165. Vo vo\u013enom \u010dase sa venujem rodine, cestovaniu, knih\u00e1m, vzdel\u00e1vaniu a\u00a0energiu rada \u010derp\u00e1m v\u00a0pr\u00edrode.<\/p>\n<p>[\/et_pb_text][\/et_pb_column][\/et_pb_row][et_pb_row column_structure=&#8220;2_5,3_5&#8243; module_id=&#8220;ZUZANA&#8220; _builder_version=&#8220;4.22.1&#8243; _module_preset=&#8220;default&#8220; width=&#8220;100%&#8220; width_tablet=&#8220;&#8220; width_phone=&#8220;60%&#8220; width_last_edited=&#8220;on|phone&#8220; max_width=&#8220;1325px&#8220; custom_margin=&#8220;45px|112px||61px|false|false&#8220; custom_padding=&#8220;18px|0px|0px|0px|false|false&#8220; border_radii=&#8220;on|24px|24px|24px|24px&#8220; box_shadow_style=&#8220;preset2&#8243; global_colors_info=&#8220;{}&#8220; min_height=&#8220;259.4px&#8220;][et_pb_column type=&#8220;2_5&#8243; _builder_version=&#8220;4.22.1&#8243; _module_preset=&#8220;default&#8220; global_colors_info=&#8220;{}&#8220;][et_pb_text _builder_version=&#8220;4.22.1&#8243; _module_preset=&#8220;default&#8220; width_tablet=&#8220;&#8220; width_phone=&#8220;140%&#8220; width_last_edited=&#8220;on|phone&#8220; max_width=&#8220;140%&#8220; min_height=&#8220;696.4px&#8220; hover_enabled=&#8220;0&#8243; global_colors_info=&#8220;{}&#8220; sticky_enabled=&#8220;0&#8243; custom_margin=&#8220;||-369px|||&#8220;]<\/p>\n<p><span style=\"font-size: large;\"><strong>\u00a0 \u00a0 Mgr. Zuzana Hriv\u00edkov\u00e1 &#8211; psychologi\u010dka <\/strong><\/span><\/p>\n<p>&nbsp;<\/p>\n<p>[\/et_pb_text][\/et_pb_column][et_pb_column type=&#8220;3_5&#8243; _builder_version=&#8220;4.22.1&#8243; _module_preset=&#8220;default&#8220; global_colors_info=&#8220;{}&#8220;][\/et_pb_column][\/et_pb_row][et_pb_row column_structure=&#8220;2_5,3_5&#8243; module_id=&#8220;ZUZANA&#8220; _builder_version=&#8220;4.22.1&#8243; _module_preset=&#8220;default&#8220; width=&#8220;100%&#8220; width_tablet=&#8220;&#8220; width_phone=&#8220;60%&#8220; width_last_edited=&#8220;on|phone&#8220; max_width=&#8220;1325px&#8220; min_height=&#8220;615.4px&#8220; custom_margin=&#8220;45px|112px|13px|61px|false|false&#8220; custom_padding=&#8220;18px|23px|3px|0px|false|false&#8220; border_radii=&#8220;on|24px|24px|24px|24px&#8220; box_shadow_style=&#8220;preset2&#8243; global_colors_info=&#8220;{}&#8220;][et_pb_column type=&#8220;2_5&#8243; _builder_version=&#8220;4.22.1&#8243; _module_preset=&#8220;default&#8220; global_colors_info=&#8220;{}&#8220;][\/et_pb_column][et_pb_column type=&#8220;3_5&#8243; _builder_version=&#8220;4.22.1&#8243; _module_preset=&#8220;default&#8220; global_colors_info=&#8220;{}&#8220;][et_pb_text _builder_version=&#8220;4.22.1&#8243; _module_preset=&#8220;default&#8220; width_tablet=&#8220;&#8220; width_phone=&#8220;140%&#8220; width_last_edited=&#8220;on|phone&#8220; max_width=&#8220;140%&#8220; min_height=&#8220;696.4px&#8220; custom_padding=&#8220;||0px|||&#8220; global_colors_info=&#8220;{}&#8220;]<\/p>\n<p><span style=\"font-size: large;\"><strong>Mgr. Zuzana Jager\u010d\u00edkov\u00e1 &#8211; logopedi\u010dka<\/strong><\/span><\/p>\n<p><span lang=\"SK-SK\" style=\"font-size: 15px;\">Od roku 2012 pracujem ako logopedi\u010dka s detsk\u00fdmi klientmi. Venujem sa predov\u0161etk\u00fdm de\u0165om v ranom a pred\u0161kolskom veku, od t\u00fdch, ktor\u00e9 nerozpr\u00e1vaj\u00fa takmer v\u00f4bec, po tie, ktor\u00e9 potrebuj\u00fa \u201cdoladi\u0165\u201d v\u00fdslovnos\u0165 niektor\u00fdch hl\u00e1sok. <\/span><span lang=\"SK-SK\" style=\"font-size: 15px;\">Pri svojej pr\u00e1<span class=\"il\">ci<\/span>\u00a0sa v\u017edy sna\u017e\u00edm o to, aby terapia deti bavila, aby ju brali viac ako hru ne\u017e nudn\u00fd n\u00e1cvik. Vyu\u017e\u00edvam pohyb, hra\u010dky, pr\u00edbehy, tvorivos\u0165. Aj odpor\u00fa\u010dania pre rodi\u010dov na doma sa sna\u017e\u00edm napasova\u0165 konkr\u00e9tnej rodine, ich rytmu, z\u00e1\u013eub\u00e1m a preferenci\u00e1m. Sna\u017e\u00edm sa st\u00e1le vzdel\u00e1va\u0165, aby som volila aktu\u00e1lne a\u00a0evidence-based\u00a0pr\u00edstupy a techniky. <\/span><\/p>\n<p><span lang=\"SK-SK\" style=\"font-size: 15px;\">Okrem priamej pr\u00e1<span class=\"il\">ci<\/span>\u00a0s klientmi sa venujem lektorovaniu rodi\u010dov a u\u010dite\u013eov na t\u00e9my v\u00fdvinu re\u010di a jazykov\u00fdch schopnost\u00ed a mo\u017enostiam ich rozv\u00edjania v dom\u00e1com prostred\u00ed.<\/span><span style=\"font-size: 15px;\">\u00a0<\/span><\/p>\n<div>\n<p><span lang=\"SK-SK\"><span>Predt\u00fdm, ne\u017e som sa za\u010dala venova\u0165 logopedickej praxi v poradensk\u00fdch zariadeniach (S\u00fakromn\u00e9 centrum \u0161peci\u00e1lno-pedagogick\u00e9ho poradenstva v \u017diline, S\u00fakromn\u00e9 centrum \u0161peci\u00e1lno-pedagogick\u00e9ho poradenstva v Stre\u010dne), som sa venovala v\u00fdskumu. Ako v\u00fdskumn\u00ed\u010dka som 3 roky participovala na medzin\u00e1rodnom v\u00fdskume jazyka a gramotnosti, sk\u00famaj\u00fac vz\u0165ah medzi v\u00fdvinom re\u010di a osvojovan\u00edm si \u010d\u00edtania a p\u00edsania, medzi v\u00fdvinovou jazykovou poruchou v pred\u0161kolskom veku a poruchami u\u010denia.<\/span><\/span><span>\u00a0<\/span><\/p>\n<p><span><\/span><\/p>\n<\/div>\n<div>\n<p><span lang=\"SK-SK\"><span>Vysoko\u0161kolsk\u00e9 vzdelanie II. stup\u0148a, jednoodborov\u00fa logop\u00e9diu, som ukon\u010dila v roku 2007.\u00a0N\u00e1sledne som sa intenz\u00edvne vzdel\u00e1vala v r\u00e1mci v\u00fdskumn\u00e9ho programu ELDEL, a to v oblasti v\u00fdvinu re\u010di a gramotnosti, v\u00fdvinovej jazykovej poruchy, v\u00fdvinov\u00fdch por\u00fach u\u010denia, metodiky v\u00fdskumu. M\u00e1m za sebou ro\u010dn\u00fd v\u00fdcvik v nedirekt\u00edvnej terapii hrou (In\u0161tit\u00fat terapie hrou). Absolvovala som Tr\u00e9ning fonematick\u00e9ho uvedomovania pod\u013ea\u00a0<\/span><span>E\u013ekonina<\/span><span>, Kurz ranej intervencie, vzdel\u00e1vanie MABEL &#8211; Multijazykov\u00e1 bat\u00e9ria testov \u010d\u00edtania, p\u00edsania a ich\u00a0<\/span><span>prediktorov<\/span><span>.<\/span><\/span><span>\u00a0<\/span><\/p>\n<\/div>\n<p>&nbsp;<\/p>\n<p>[\/et_pb_text][\/et_pb_column][\/et_pb_row][et_pb_row column_structure=&#8220;2_5,3_5&#8243; module_id=&#8220;ANETA&#8220; _builder_version=&#8220;4.22.1&#8243; _module_preset=&#8220;default&#8220; width=&#8220;105%&#8220; width_tablet=&#8220;100%&#8220; width_phone=&#8220;60%&#8220; width_last_edited=&#8220;on|phone&#8220; max_width=&#8220;1335px&#8220; custom_margin=&#8220;40px|84px||52px|false|false&#8220; custom_padding=&#8220;28px|23px|||false|false&#8220; border_radii=&#8220;on|24px|24px|24px|24px&#8220; box_shadow_style=&#8220;preset2&#8243; global_colors_info=&#8220;{}&#8220;][et_pb_column type=&#8220;2_5&#8243; _builder_version=&#8220;4.22.1&#8243; _module_preset=&#8220;default&#8220; global_colors_info=&#8220;{}&#8220;][\/et_pb_column][et_pb_column type=&#8220;3_5&#8243; _builder_version=&#8220;4.22.1&#8243; _module_preset=&#8220;default&#8220; global_colors_info=&#8220;{}&#8220;][et_pb_text _builder_version=&#8220;4.22.1&#8243; _module_preset=&#8220;default&#8220; width_tablet=&#8220;&#8220; width_phone=&#8220;140%&#8220; width_last_edited=&#8220;on|phone&#8220; max_width=&#8220;140%&#8220; custom_margin=&#8220;|||-3px||&#8220; global_colors_info=&#8220;{}&#8220;]<\/p>\n<p><span style=\"font-size: large;\"><strong>Bc. Be\u00e1ta Urbancov\u00e1 &#8211; administrat\u00edvna pracovn\u00ed\u010dka<\/strong><\/span><\/p>\n<p><span style=\"font-size: large;\"><strong><\/strong><\/span><\/p>\n<div><\/div>\n<div><\/div>\n<div><\/div>\n<div><\/div>\n<div><\/div>\n<div><\/div>\n<div><\/div>\n<div><\/div>\n<div><\/div>\n<div><\/div>\n<div><\/div>\n<div><\/div>\n<div><\/div>\n<div><\/div>\n<div><\/div>\n<div><\/div>\n<div>V poradenskom centre SCPP Stre\u010dno pracujem od roku 2019.<\/div>\n<div>N\u00e1pl\u0148ou mojej pr\u00e1ce je administrat\u00edvna \u010das\u0165 poradne, evidencia a kartot\u00e9ka klientov, mailov\u00e1 a po\u0161tov\u00e1 kore\u0161pondencia. Zabezpe\u010dujem\u00a0ka\u017edodenn\u00fd chod poradensk\u00e9ho centra.<\/div>\n<div>Taktie\u017e sa venujem spoluorganizovaniu vzdel\u00e1vac\u00edch akci\u00ed a spravovaniu eshopu v TERRAIN s.r.o.<\/div>\n<p>[\/et_pb_text][\/et_pb_column][\/et_pb_row][et_pb_row column_structure=&#8220;2_5,3_5&#8243; module_id=&#8220;ANETA&#8220; _builder_version=&#8220;4.22.1&#8243; _module_preset=&#8220;default&#8220; width=&#8220;105%&#8220; width_tablet=&#8220;100%&#8220; width_phone=&#8220;60%&#8220; width_last_edited=&#8220;on|phone&#8220; max_width=&#8220;1335px&#8220; custom_margin=&#8220;40px|84px||52px|false|false&#8220; custom_padding=&#8220;28px|23px|||false|false&#8220; border_radii=&#8220;on|24px|24px|24px|24px&#8220; box_shadow_style=&#8220;preset2&#8243; global_colors_info=&#8220;{}&#8220;][et_pb_column type=&#8220;2_5&#8243; _builder_version=&#8220;4.22.1&#8243; _module_preset=&#8220;default&#8220; global_colors_info=&#8220;{}&#8220;][\/et_pb_column][et_pb_column type=&#8220;3_5&#8243; _builder_version=&#8220;4.22.1&#8243; _module_preset=&#8220;default&#8220; global_colors_info=&#8220;{}&#8220;][et_pb_text _builder_version=&#8220;4.22.1&#8243; _module_preset=&#8220;default&#8220; width_tablet=&#8220;&#8220; width_phone=&#8220;140%&#8220; width_last_edited=&#8220;on|phone&#8220; max_width=&#8220;140%&#8220; custom_margin=&#8220;|||-3px||&#8220; custom_padding=&#8220;12px||2px|||&#8220; global_colors_info=&#8220;{}&#8220;]<\/p>\n<p><a href=\"http:\/\/terrainweb.sk\/?page_id=1461\"><span style=\"font-size: large;\"><strong>Mgr. Jana Dejov\u00e1 H\u00e1nov\u00e1 &#8211; psychologi\u010dka<\/strong><\/span><\/a><\/p>\n<p><span style=\"color: #494949; font-size: medium;\"><\/span><\/p>\n<p>[\/et_pb_text][et_pb_text _builder_version=&#8220;4.22.1&#8243; _module_preset=&#8220;default&#8220; width_tablet=&#8220;&#8220; width_phone=&#8220;140%&#8220; width_last_edited=&#8220;on|phone&#8220; max_width=&#8220;140%&#8220; custom_margin=&#8220;|||-3px||&#8220; custom_padding=&#8220;||2px|||&#8220; global_colors_info=&#8220;{}&#8220;]<\/p>\n<p><a href=\"http:\/\/terrainweb.sk\/?page_id=1463\"><span style=\"font-size: large;\"><strong>Mgr. Katar\u00edna Melov\u00e1 &#8211; \u0161peci\u00e1lna pedagogi\u010dka<\/strong><\/span>\u00a0<\/a><\/p>\n<p><span style=\"color: #494949; font-size: medium;\"><\/span><\/p>\n<p>[\/et_pb_text][\/et_pb_column][\/et_pb_row][\/et_pb_section]<\/p>\n","protected":false},"excerpt":{"rendered":"<p>Kto smeMgr. Aneta Sek\u00e1\u010dov\u00e1, PhD. &#8211; soci\u00e1lna pedagogi\u010dka, riadite\u013eka Pracujem ako soci\u00e1lna pedagogi\u010dka. Mojou hlavnou pracovnou n\u00e1pl\u0148ou s\u00fa skupinov\u00e9 programy pre matersk\u00e9 a z\u00e1kladn\u00e9 \u0161koly zameran\u00e9 najm\u00e4 na prim\u00e1rnu prevenciu. Pri skupinovej \u010dinnosti sa zaober\u00e1m hlavne kl\u00edmou v triedach, \u0161ikanovan\u00edm, kyber\u0161ikanovan\u00edm, pri svojej pr\u00e1ci vyu\u017e\u00edvam prvky artefiletiky a socioterapie. V r\u00e1mci ambulantnej \u010dinnosti v\u00a0poradenskom centre [&hellip;]<\/p>\n","protected":false},"author":1,"featured_media":0,"parent":0,"menu_order":0,"comment_status":"closed","ping_status":"closed","template":"","meta":{"_et_pb_use_builder":"on","_et_pb_old_content":"","_et_gb_content_width":"","_monsterinsights_skip_tracking":false,"_monsterinsights_sitenote_active":false,"_monsterinsights_sitenote_note":"","_monsterinsights_sitenote_category":0,"footnotes":""},"yoast_head":"<!-- This site is optimized with the Yoast SEO plugin v21.1 - https:\/\/yoast.com\/wordpress\/plugins\/seo\/ -->\n<title>Kto sme - Centrum Poradenstva a Prevencie Stre\u010dno<\/title>\n<meta name=\"description\" content=\"Zozn\u00e1mte sa s nami a na\u0161\u00edm t\u00edmom odborn\u00edkov v oblasti poradenstva a prevencie. Na\u0161\u00edm cie\u013eom je vytv\u00e1ra\u0165 d\u00f4vern\u00e9 a bezpe\u010dn\u00e9 prostredie.\" \/>\n<meta name=\"robots\" content=\"index, follow, max-snippet:-1, max-image-preview:large, max-video-preview:-1\" \/>\n<link rel=\"canonical\" href=\"https:\/\/scppstrecno.sk\/?page_id=813\" \/>\n<meta property=\"og:locale\" content=\"sk_SK\" \/>\n<meta property=\"og:type\" content=\"article\" \/>\n<meta property=\"og:title\" content=\"Kto sme - Centrum Poradenstva a Prevencie Stre\u010dno\" \/>\n<meta property=\"og:description\" content=\"Zozn\u00e1mte sa s nami a na\u0161\u00edm t\u00edmom odborn\u00edkov v oblasti poradenstva a prevencie. Na\u0161\u00edm cie\u013eom je vytv\u00e1ra\u0165 d\u00f4vern\u00e9 a bezpe\u010dn\u00e9 prostredie.\" \/>\n<meta property=\"og:url\" content=\"https:\/\/scppstrecno.sk\/?page_id=813\" \/>\n<meta property=\"og:site_name\" content=\"scppstrecno.sk\" \/>\n<meta property=\"article:modified_time\" content=\"2025-03-27T10:22:30+00:00\" \/>\n<meta name=\"twitter:card\" content=\"summary_large_image\" \/>\n<meta name=\"twitter:label1\" content=\"Predpokladan\u00fd \u010das \u010d\u00edtania\" \/>\n\t<meta name=\"twitter:data1\" content=\"7 min\u00fat\" \/>\n<script type=\"application\/ld+json\" class=\"yoast-schema-graph\">{\"@context\":\"https:\/\/schema.org\",\"@graph\":[{\"@type\":\"WebPage\",\"@id\":\"https:\/\/scppstrecno.sk\/?page_id=813\",\"url\":\"https:\/\/scppstrecno.sk\/?page_id=813\",\"name\":\"Kto sme - Centrum Poradenstva a Prevencie Stre\u010dno\",\"isPartOf\":{\"@id\":\"https:\/\/scppstrecno.sk\/#website\"},\"datePublished\":\"2023-10-01T19:19:53+00:00\",\"dateModified\":\"2025-03-27T10:22:30+00:00\",\"description\":\"Zozn\u00e1mte sa s nami a na\u0161\u00edm t\u00edmom odborn\u00edkov v oblasti poradenstva a prevencie. Na\u0161\u00edm cie\u013eom je vytv\u00e1ra\u0165 d\u00f4vern\u00e9 a bezpe\u010dn\u00e9 prostredie.\",\"breadcrumb\":{\"@id\":\"https:\/\/scppstrecno.sk\/?page_id=813#breadcrumb\"},\"inLanguage\":\"sk-SK\",\"potentialAction\":[{\"@type\":\"ReadAction\",\"target\":[\"https:\/\/scppstrecno.sk\/?page_id=813\"]}]},{\"@type\":\"BreadcrumbList\",\"@id\":\"https:\/\/scppstrecno.sk\/?page_id=813#breadcrumb\",\"itemListElement\":[{\"@type\":\"ListItem\",\"position\":1,\"name\":\"Home\",\"item\":\"https:\/\/scppstrecno.sk\/\"},{\"@type\":\"ListItem\",\"position\":2,\"name\":\"Kto sme\"}]},{\"@type\":\"WebSite\",\"@id\":\"https:\/\/scppstrecno.sk\/#website\",\"url\":\"https:\/\/scppstrecno.sk\/\",\"name\":\"scppstrecno.sk\",\"description\":\"\",\"potentialAction\":[{\"@type\":\"SearchAction\",\"target\":{\"@type\":\"EntryPoint\",\"urlTemplate\":\"https:\/\/scppstrecno.sk\/?s={search_term_string}\"},\"query-input\":\"required name=search_term_string\"}],\"inLanguage\":\"sk-SK\"}]}<\/script>\n<!-- \/ Yoast SEO plugin. -->","yoast_head_json":{"title":"Kto sme - Centrum Poradenstva a Prevencie Stre\u010dno","description":"Zozn\u00e1mte sa s nami a na\u0161\u00edm t\u00edmom odborn\u00edkov v oblasti poradenstva a prevencie. Na\u0161\u00edm cie\u013eom je vytv\u00e1ra\u0165 d\u00f4vern\u00e9 a bezpe\u010dn\u00e9 prostredie.","robots":{"index":"index","follow":"follow","max-snippet":"max-snippet:-1","max-image-preview":"max-image-preview:large","max-video-preview":"max-video-preview:-1"},"canonical":"https:\/\/scppstrecno.sk\/?page_id=813","og_locale":"sk_SK","og_type":"article","og_title":"Kto sme - Centrum Poradenstva a Prevencie Stre\u010dno","og_description":"Zozn\u00e1mte sa s nami a na\u0161\u00edm t\u00edmom odborn\u00edkov v oblasti poradenstva a prevencie. Na\u0161\u00edm cie\u013eom je vytv\u00e1ra\u0165 d\u00f4vern\u00e9 a bezpe\u010dn\u00e9 prostredie.","og_url":"https:\/\/scppstrecno.sk\/?page_id=813","og_site_name":"scppstrecno.sk","article_modified_time":"2025-03-27T10:22:30+00:00","twitter_card":"summary_large_image","twitter_misc":{"Predpokladan\u00fd \u010das \u010d\u00edtania":"7 min\u00fat"},"schema":{"@context":"https:\/\/schema.org","@graph":[{"@type":"WebPage","@id":"https:\/\/scppstrecno.sk\/?page_id=813","url":"https:\/\/scppstrecno.sk\/?page_id=813","name":"Kto sme - Centrum Poradenstva a Prevencie Stre\u010dno","isPartOf":{"@id":"https:\/\/scppstrecno.sk\/#website"},"datePublished":"2023-10-01T19:19:53+00:00","dateModified":"2025-03-27T10:22:30+00:00","description":"Zozn\u00e1mte sa s nami a na\u0161\u00edm t\u00edmom odborn\u00edkov v oblasti poradenstva a prevencie. Na\u0161\u00edm cie\u013eom je vytv\u00e1ra\u0165 d\u00f4vern\u00e9 a bezpe\u010dn\u00e9 prostredie.","breadcrumb":{"@id":"https:\/\/scppstrecno.sk\/?page_id=813#breadcrumb"},"inLanguage":"sk-SK","potentialAction":[{"@type":"ReadAction","target":["https:\/\/scppstrecno.sk\/?page_id=813"]}]},{"@type":"BreadcrumbList","@id":"https:\/\/scppstrecno.sk\/?page_id=813#breadcrumb","itemListElement":[{"@type":"ListItem","position":1,"name":"Home","item":"https:\/\/scppstrecno.sk\/"},{"@type":"ListItem","position":2,"name":"Kto sme"}]},{"@type":"WebSite","@id":"https:\/\/scppstrecno.sk\/#website","url":"https:\/\/scppstrecno.sk\/","name":"scppstrecno.sk","description":"","potentialAction":[{"@type":"SearchAction","target":{"@type":"EntryPoint","urlTemplate":"https:\/\/scppstrecno.sk\/?s={search_term_string}"},"query-input":"required name=search_term_string"}],"inLanguage":"sk-SK"}]}},"_links":{"self":[{"href":"https:\/\/scppstrecno.sk\/index.php?rest_route=\/wp\/v2\/pages\/813"}],"collection":[{"href":"https:\/\/scppstrecno.sk\/index.php?rest_route=\/wp\/v2\/pages"}],"about":[{"href":"https:\/\/scppstrecno.sk\/index.php?rest_route=\/wp\/v2\/types\/page"}],"author":[{"embeddable":true,"href":"https:\/\/scppstrecno.sk\/index.php?rest_route=\/wp\/v2\/users\/1"}],"replies":[{"embeddable":true,"href":"https:\/\/scppstrecno.sk\/index.php?rest_route=%2Fwp%2Fv2%2Fcomments&post=813"}],"version-history":[{"count":5,"href":"https:\/\/scppstrecno.sk\/index.php?rest_route=\/wp\/v2\/pages\/813\/revisions"}],"predecessor-version":[{"id":1229,"href":"https:\/\/scppstrecno.sk\/index.php?rest_route=\/wp\/v2\/pages\/813\/revisions\/1229"}],"wp:attachment":[{"href":"https:\/\/scppstrecno.sk\/index.php?rest_route=%2Fwp%2Fv2%2Fmedia&parent=813"}],"curies":[{"name":"wp","href":"https:\/\/api.w.org\/{rel}","templated":true}]}}